{"id":539,"date":"2023-07-23T19:01:53","date_gmt":"2023-07-23T17:01:53","guid":{"rendered":"https:\/\/eve95ermont.com\/?page_id=539"},"modified":"2023-07-27T19:52:47","modified_gmt":"2023-07-27T17:52:47","slug":"evenements-passes","status":"publish","type":"page","link":"https:\/\/eve95ermont.com\/index.php\/evenements-passes\/","title":{"rendered":"\u00c9v\u00e9nements pass\u00e9s"},"content":{"rendered":"\n<h1 class=\"wp-block-heading\">\u00c9v\u00e9nements pass\u00e9s<\/h1>\n\n\n\n<p>Notre association, Ermont Ville d&rsquo;Europe, a \u00e0 c\u0153ur d&rsquo;organiser des \u00e9v\u00e9nements culturels pour nos membres et les Ermontois.<\/p>\n\n\n\n<p>Vous trouverez ci-dessous la liste des \u00e9v\u00e9nements ayant d\u00e9j\u00e0 eu lieu, organis\u00e9s par Ermont Ville d&rsquo;Europe<\/p>\n\n\n            <div id=\"post-grid-lazy-538\" class=\"post-grid-lazy\"><img decoding=\"async\" alt=\"\" src=\"\" \/><\/div>\n        <script>\n            jQuery('#post-grid-lazy-538').ready(function($) {\n                $('#post-grid-lazy-538').fadeOut();\n                $('#post-grid-538   ').fadeIn();\n            })\n        <\/script>\n        <style type=\"text\/css\">\n            #post-grid-538 {\n                display: none;\n            }\n\n            .post-grid-lazy {\n                text-align: center;\n            }\n        <\/style>\n        <div data-options='{&quot;id&quot;:&quot;538&quot;,&quot;lazy_load&quot;:&quot;yes&quot;,&quot;masonry_enable&quot;:&quot;no&quot;,&quot;view_type&quot;:&quot;grid&quot;}' id=\"post-grid-538\" class=\"post-grid grid\">\n                <div class=\"grid-items\">\n            <div class=\"item item-1481 skin flat even 0 \">\n                <div class=\"layer-wrapper layout-127\">\n                <a class=\" element_1682835123535\" id=\"\" href=\"https:\/\/eve95ermont.com\/index.php\/2025\/12\/22\/marche-de-noel-de-la-communaute-de-village-de-swidnica-pologne-annee-2025\/\">\n\n\n        <div class=\"element element_1682834639594  thumb_link \">\n                    <img decoding=\"async\" src=\"https:\/\/eve95ermont.com\/wp-content\/uploads\/2025\/12\/image-1-1024x768.png\">\n        \n\n    <\/div>\n    <div class=\"element element_1682244529733  title \">\n                    <a target=\"_blank\" href=\"https:\/\/eve95ermont.com\/index.php\/2025\/12\/22\/marche-de-noel-de-la-communaute-de-village-de-swidnica-pologne-annee-2025\/\">March\u00e9 de No\u00ebl de la communaut\u00e9 de village de \u015awidnica (Pologne) - Ann\u00e9e 2025<\/a>\n\n        \n\n    <\/div>\n    <hr class=\"element element_1682832568808  hr \">\n    <\/hr>\n    <div class=\"element element_1689186392009  excerpt \">\n        Le march\u00e9 de No\u00ebl de \u015awidnica, organis\u00e9 par la communaut\u00e9 de villages et l\u2019association de la ville jumel\u00e9e, a rassembl\u00e9 habitants et visiteurs autour des traditions de fin d\u2019ann\u00e9e.            <\/div>\n    <\/a>\n        <\/div>\n    <\/div><div class=\"item item-1447 skin flat odd 1 \">\n                <div class=\"layer-wrapper layout-127\">\n                <a class=\" element_1682835123535\" id=\"\" href=\"https:\/\/eve95ermont.com\/index.php\/2025\/11\/22\/galette-des-rois-2026\/\">\n\n\n        <div class=\"element element_1682834639594  thumb_link \">\n                    <img decoding=\"async\" src=\"https:\/\/eve95ermont.com\/wp-content\/uploads\/2025\/11\/galette-des-rois-2026-1024x576.png\">\n        \n\n    <\/div>\n    <div class=\"element element_1682244529733  title \">\n                    <a target=\"_blank\" href=\"https:\/\/eve95ermont.com\/index.php\/2025\/11\/22\/galette-des-rois-2026\/\">Galette des rois 2026<\/a>\n\n        \n\n    <\/div>\n    <hr class=\"element element_1682832568808  hr \">\n    <\/hr>\n    <div class=\"element element_1689186392009  excerpt \">\n        L\u2019Association Ermont Ville d\u2019Europe vous invite \u00e0 sa Galette des Rois le vendredi 30 janvier 2026 \u00e0 20h au Pavillon No\u00ebl Seyssen \u00e0 Ermont. Adh\u00e9rents : 5 \u20ac \u2013 Non adh\u00e9rents : 7 \u20ac. R\u00e9ponse souhait\u00e9e avant le 12 janvier 2026.            <\/div>\n    <\/a>\n        <\/div>\n    <\/div><div class=\"item item-1412 skin flat even 2 \">\n                <div class=\"layer-wrapper layout-127\">\n                <a class=\" element_1682835123535\" id=\"\" href=\"https:\/\/eve95ermont.com\/index.php\/2025\/09\/07\/assemblee-generale-2025-stade-raoul-dautry\/\">\n\n\n        <div class=\"element element_1682834639594  thumb_link \">\n                    <img decoding=\"async\" src=\"https:\/\/eve95ermont.com\/wp-content\/uploads\/2025\/09\/ag-2025-2-768x1024.jpg\">\n        \n\n    <\/div>\n    <div class=\"element element_1682244529733  title \">\n                    <a target=\"_blank\" href=\"https:\/\/eve95ermont.com\/index.php\/2025\/09\/07\/assemblee-generale-2025-stade-raoul-dautry\/\">Assembl\u00e9e G\u00e9n\u00e9rale 2025 - 21 Septembre 2025 - Stade Raoul Dautry<\/a>\n\n        \n\n    <\/div>\n    <hr class=\"element element_1682832568808  hr \">\n    <\/hr>\n    <div class=\"element element_1689186392009  excerpt \">\n        Le 21 septembre 2025 avait lieu notre Assembl\u00e9e g\u00e9n\u00e9rale...            <\/div>\n    <\/a>\n        <\/div>\n    <\/div><div class=\"item item-1375 skin flat odd 3 \">\n                <div class=\"layer-wrapper layout-127\">\n                <a class=\" element_1682835123535\" id=\"\" href=\"https:\/\/eve95ermont.com\/index.php\/2025\/09\/05\/sejour-swidnica-2025\/\">\n\n\n        <div class=\"element element_1682834639594  thumb_link \">\n                    <img decoding=\"async\" src=\"https:\/\/eve95ermont.com\/wp-content\/uploads\/2025\/09\/image-16.png\">\n        \n\n    <\/div>\n    <div class=\"element element_1682244529733  title \">\n                    <a target=\"_blank\" href=\"https:\/\/eve95ermont.com\/index.php\/2025\/09\/05\/sejour-swidnica-2025\/\">F\u00eates des moissons (do\u017cynki) 2025 \u00e0 \u015awidnica<\/a>\n\n        \n\n    <\/div>\n    <hr class=\"element element_1682832568808  hr \">\n    <\/hr>\n    <div class=\"element element_1689186392009  excerpt \">\n        Retour sur notre s\u00e9jour \u00e0 \u015awidnica en 2025 : visites culturelles et F\u00eates des moissons v\u00e9cues au c\u0153ur des traditions.            <\/div>\n    <\/a>\n        <\/div>\n    <\/div><div class=\"item item-1289 skin flat even 4 \">\n                <div class=\"layer-wrapper layout-127\">\n                <a class=\" element_1682835123535\" id=\"\" href=\"https:\/\/eve95ermont.com\/index.php\/2025\/07\/26\/fete-des-jumelages-lampertheim-du-27-au-29-juin-2025\/\">\n\n\n        <div class=\"element element_1682834639594  thumb_link \">\n                    <img decoding=\"async\" src=\"https:\/\/eve95ermont.com\/wp-content\/uploads\/2025\/02\/WhatsApp-Image-2025-06-30-a-15.00.21_0a838f6b-1024x768.jpg\">\n        \n\n    <\/div>\n    <div class=\"element element_1682244529733  title \">\n                    <a target=\"_blank\" href=\"https:\/\/eve95ermont.com\/index.php\/2025\/07\/26\/fete-des-jumelages-lampertheim-du-27-au-29-juin-2025\/\">F\u00eate des Jumelages - Lampertheim - du 27 au 29 Juin 2025<\/a>\n\n        \n\n    <\/div>\n    <hr class=\"element element_1682832568808  hr \">\n    <\/hr>\n    <div class=\"element element_1689186392009  excerpt \">\n        Du 27 au 29 juin 2025, quelques membres d\u2019Ermont Ville d\u2019Europe ont particip\u00e9 \u00e0 la f\u00eate des jumelages* organis\u00e9e cette ann\u00e9e par Lampertheim (Allemagne). On vous raconte\u2026            <\/div>\n    <\/a>\n        <\/div>\n    <\/div><div class=\"item item-1293 skin flat odd 5 \">\n                <div class=\"layer-wrapper layout-127\">\n                <a class=\" element_1682835123535\" id=\"\" href=\"https:\/\/eve95ermont.com\/index.php\/2025\/04\/01\/un-atelier-cuisine-aux-couleurs-de-leurope\/\">\n\n\n        <div class=\"element element_1682834639594  thumb_link \">\n                    <img decoding=\"async\" src=\"https:\/\/eve95ermont.com\/wp-content\/uploads\/2025\/04\/IMG-20250308-WA0029-1024x768.jpg\">\n        \n\n    <\/div>\n    <div class=\"element element_1682244529733  title \">\n                    <a target=\"_blank\" href=\"https:\/\/eve95ermont.com\/index.php\/2025\/04\/01\/un-atelier-cuisine-aux-couleurs-de-leurope\/\">UN ATELIER CUISINE\u00a0AUX COULEURS DE L\u2019EUROPE<\/a>\n\n        \n\n    <\/div>\n    <hr class=\"element element_1682832568808  hr \">\n    <\/hr>\n    <div class=\"element element_1689186392009  excerpt \">\n        Le 8 mars avait lieu notre traditionnel atelier cuisine. Les saveurs de l'Europe \u00e9taient au rendez-vous.            <\/div>\n    <\/a>\n        <\/div>\n    <\/div><div class=\"item item-1283 skin flat even 6 \">\n                <div class=\"layer-wrapper layout-127\">\n                <a class=\" element_1682835123535\" id=\"\" href=\"https:\/\/eve95ermont.com\/index.php\/2025\/02\/26\/atelier-culinaire-cuisine-deurope-samedi-8-mars-2025\/\">\n\n\n        <div class=\"element element_1682834639594  thumb_link \">\n                    <img decoding=\"async\" src=\"https:\/\/eve95ermont.com\/wp-content\/uploads\/2025\/02\/2025-03-Atelier-cuisine-1024x586.png\">\n        \n\n    <\/div>\n    <div class=\"element element_1682244529733  title \">\n                    <a target=\"_blank\" href=\"https:\/\/eve95ermont.com\/index.php\/2025\/02\/26\/atelier-culinaire-cuisine-deurope-samedi-8-mars-2025\/\">Atelier culinaire - Cuisine d'Europe - Samedi 8 Mars 2025<\/a>\n\n        \n\n    <\/div>\n    <hr class=\"element element_1682832568808  hr \">\n    <\/hr>\n    <div class=\"element element_1689186392009  excerpt \">\n        Atelier culinaire Cuisine d'Europe \u00e0 Ermont \u2013 Recettes espagnoles, polonaises, fran\u00e7aises et plus !            <\/div>\n    <\/a>\n        <\/div>\n    <\/div><div class=\"item item-1265 skin flat odd 7 \">\n                <div class=\"layer-wrapper layout-127\">\n                <a class=\" element_1682835123535\" id=\"\" href=\"https:\/\/eve95ermont.com\/index.php\/2025\/01\/03\/galettes-des-rois-28-janvier-2024-16h-2\/\">\n\n\n        <div class=\"element element_1682834639594  thumb_link \">\n                    <img decoding=\"async\" src=\"https:\/\/eve95ermont.com\/wp-content\/uploads\/2025\/01\/IMG_20250118_150007-768x1024.jpg\">\n        \n\n    <\/div>\n    <div class=\"element element_1682244529733  title \">\n                    <a target=\"_blank\" href=\"https:\/\/eve95ermont.com\/index.php\/2025\/01\/03\/galettes-des-rois-28-janvier-2024-16h-2\/\">Des galettes et des rois<\/a>\n\n        \n\n    <\/div>\n    <hr class=\"element element_1682832568808  hr \">\n    <\/hr>\n    <div class=\"element element_1689186392009  excerpt \">\n        Ermont Ville d'Europe - Galette des rois, le 18 Janvier 2025 \u00e0 la salle de l'Arche            <\/div>\n    <\/a>\n        <\/div>\n    <\/div><div class=\"item item-1190 skin flat even 8 \">\n                <div class=\"layer-wrapper layout-127\">\n                <a class=\" element_1682835123535\" id=\"\" href=\"https:\/\/eve95ermont.com\/index.php\/2024\/12\/04\/excursion-a-loja\/\">\n\n\n        <div class=\"element element_1682834639594  thumb_link \">\n                    <img decoding=\"async\" src=\"https:\/\/eve95ermont.com\/wp-content\/uploads\/2024\/12\/IMG-20241113-WA0014-1024x768.jpg\">\n        \n\n    <\/div>\n    <div class=\"element element_1682244529733  title \">\n                    <a target=\"_blank\" href=\"https:\/\/eve95ermont.com\/index.php\/2024\/12\/04\/excursion-a-loja\/\">Excursion \u00e0 Loja<\/a>\n\n        \n\n    <\/div>\n    <hr class=\"element element_1682832568808  hr \">\n    <\/hr>\n    <div class=\"element element_1689186392009  excerpt \">\n                    <\/div>\n    <\/a>\n        <\/div>\n    <\/div><div class=\"item item-1172 skin flat odd 9 \">\n                <div class=\"layer-wrapper layout-127\">\n                <a class=\" element_1682835123535\" id=\"\" href=\"https:\/\/eve95ermont.com\/index.php\/2024\/11\/06\/elementor-1172\/\">\n\n\n        <div class=\"element element_1682834639594  thumb_link \">\n                    <img decoding=\"async\" src=\"https:\/\/eve95ermont.com\/wp-content\/uploads\/2024\/11\/IMG_20241006_142123-768x1024.jpg\">\n        \n\n    <\/div>\n    <div class=\"element element_1682244529733  title \">\n                    <a target=\"_blank\" href=\"https:\/\/eve95ermont.com\/index.php\/2024\/11\/06\/elementor-1172\/\">Une nouvelle A.G. pour la rentr\u00e9e<\/a>\n\n        \n\n    <\/div>\n    <hr class=\"element element_1682832568808  hr \">\n    <\/hr>\n    <div class=\"element element_1689186392009  excerpt \">\n                    <\/div>\n    <\/a>\n        <\/div>\n    <\/div>        <\/div>\n        <div class=\"pagination\">\n            <div class=\"paginate\">\n        <span aria-current=\"page\" class=\"page-numbers current\">1<\/span>\n<a class=\"page-numbers\" href=\"https:\/\/eve95ermont.com\/index.php\/wp-json\/wp\/v2\/pages\/539\/page\/2\/\">2<\/a>\n<a class=\"page-numbers\" href=\"https:\/\/eve95ermont.com\/index.php\/wp-json\/wp\/v2\/pages\/539\/page\/3\/\">3<\/a>\n<a class=\"next page-numbers\" href=\"https:\/\/eve95ermont.com\/index.php\/wp-json\/wp\/v2\/pages\/539\/page\/2\/\">Next \u00bb<\/a>    <\/div>\n    <style type=\"text\/css\">\n        #post-grid-538 .pagination .page-numbers {\n            font-size: 16px;\n            color: #fff;\n            background: #646464;\n        }\n\n        #post-grid-538 .pagination .page-numbers:hover,\n        #post-grid-538 .pagination .page-numbers.current {\n            background: #4b4b4b;\n        }\n    <\/style>\n    <\/div>\n    <style type=\"text\/css\">\n        .layout-127 .element_1682834639594 {\n            overflow: hidden;\n                    }\n\n        .layout-127 .element_1682834639594 img {\n            max-width: 100%;\n            height: auto;\n        }\n\n        @media only screen and (min-width: 1024px) {\n            .layout-127 .element_1682834639594 {\n                            }\n        }\n\n        @media only screen and (min-width: 768px) and (max-width: 1023px) {\n            .layout-127 .element_1682834639594 {\n                            }\n        }\n\n        @media only screen and (min-width: 0px) and (max-width: 767px) {\n            .layout-127 .element_1682834639594 {\n                            }\n        }\n    <\/style>\n    <style type=\"text\/css\">\n        .layout-127 .element_1682244529733 {\n            color: #1e73be;\n            text-align: left;\n            font-weight:bold;\r\ntext-decoration: none;        }\n\n        .layout-127 .element_1682244529733 a {\n            color: #1e73be;\n            text-align: left;\n            font-weight:bold;\r\ntext-decoration: none;        }\n    <\/style>\n    <style type=\"text\/css\">\n        .layout-127 .element_1682832568808 {\n                    }\n\n            <\/style>\n    <style type=\"text\/css\">\n        .layout-127 .element_1689186392009 {\n            text-align: left;\n                    }\n\n        .layout-127 .element_1689186392009 a {\n                    }\n    <\/style>\n    \n\n        <script>\n        \n            <\/script>\n        <style type=\"text\/css\">\n        #post-grid-538 {\n                    }\n\n        #post-grid-538 .item {\n            \/*             margin:;\n         *\/\n            padding: 0px;\n            background: #fff;\n                    }\n\n        #post-grid-538 .item .layer-media {\n            height:auto;        }\n\n        @media only screen and (min-width: 0px) and (max-width: 767px) {\n            #post-grid-538 .grid-items {\n                display: grid;\n                grid-template-columns: 1fr ;\n                column-gap: 10px;\n                row-gap: 10px;\n                ;\n\n            }\n\n            #post-grid-538 .item {\n                height:auto;            }\n        }\n\n        @media only screen and (min-width: 768px) and (max-width: 1023px) {\n            #post-grid-538 .grid-items {\n                display: grid;\n                grid-template-columns: 1fr 1fr ;\n                column-gap: 10px;\n                row-gap: 10px             }\n\n            #post-grid-538 .item {\n                max-height:auto;            }\n        }\n\n        @media only screen and (min-width: 1024px) {\n            #post-grid-538 .grid-items {\n                display: grid;\n                grid-template-columns: 1fr 1fr 1fr ;\n                column-gap: 10px;\n                row-gap: 10px;\n                            }\n\n            #post-grid-538 .item {\n                height:auto;            }\n        }\n\n            <\/style>\n    <\/div>\n\n","protected":false},"excerpt":{"rendered":"<p>\u00c9v\u00e9nements pass\u00e9s Notre association, Ermont Ville d&rsquo;Europe, a \u00e0 c\u0153ur d&rsquo;organiser des \u00e9v\u00e9nements culturels pour nos membres et les Ermontois. Vous trouverez ci-dessous la liste des \u00e9v\u00e9nements ayant d\u00e9j\u00e0 eu lieu, organis\u00e9s par Ermont Ville d&rsquo;Europe<\/p>\n","protected":false},"author":2,"featured_media":460,"parent":0,"menu_order":0,"comment_status":"closed","ping_status":"closed","template":"","meta":{"footnotes":""},"categories":[],"tags":[],"class_list":["post-539","page","type-page","status-publish","has-post-thumbnail","hentry"],"yoast_head":"<!-- This site is optimized with the Yoast SEO plugin v27.5 - https:\/\/yoast.com\/product\/yoast-seo-wordpress\/ -->\n<title>\u00c9v\u00e9nements pass\u00e9s - Ermont Ville d&#039;Europe<\/title>\n<meta name=\"robots\" content=\"index, follow, max-snippet:-1, max-image-preview:large, max-video-preview:-1\" \/>\n<link rel=\"canonical\" href=\"https:\/\/eve95ermont.com\/index.php\/evenements-passes\/\" \/>\n<meta property=\"og:locale\" content=\"fr_FR\" \/>\n<meta property=\"og:type\" content=\"article\" \/>\n<meta property=\"og:title\" content=\"\u00c9v\u00e9nements pass\u00e9s - Ermont Ville d&#039;Europe\" \/>\n<meta property=\"og:description\" content=\"\u00c9v\u00e9nements pass\u00e9s Notre association, Ermont Ville d&rsquo;Europe, a \u00e0 c\u0153ur d&rsquo;organiser des \u00e9v\u00e9nements culturels pour nos membres et les Ermontois. Vous trouverez ci-dessous la liste des \u00e9v\u00e9nements ayant d\u00e9j\u00e0 eu lieu, organis\u00e9s par Ermont Ville d&rsquo;Europe\" \/>\n<meta property=\"og:url\" content=\"https:\/\/eve95ermont.com\/index.php\/evenements-passes\/\" \/>\n<meta property=\"og:site_name\" content=\"Ermont Ville d&#039;Europe\" \/>\n<meta property=\"article:modified_time\" content=\"2023-07-27T17:52:47+00:00\" \/>\n<meta property=\"og:image\" content=\"https:\/\/eve95ermont.com\/wp-content\/uploads\/2023\/06\/logo-eve-proposition-gris-clair-contour-noir-v2.png\" \/>\n\t<meta property=\"og:image:width\" content=\"1265\" \/>\n\t<meta property=\"og:image:height\" content=\"785\" \/>\n\t<meta property=\"og:image:type\" content=\"image\/png\" \/>\n<meta name=\"twitter:card\" content=\"summary_large_image\" \/>\n<meta name=\"twitter:label1\" content=\"Dur\u00e9e de lecture estim\u00e9e\" \/>\n\t<meta name=\"twitter:data1\" content=\"1 minute\" \/>\n<script type=\"application\/ld+json\" class=\"yoast-schema-graph\">{\"@context\":\"https:\\\/\\\/schema.org\",\"@graph\":[{\"@type\":\"WebPage\",\"@id\":\"https:\\\/\\\/eve95ermont.com\\\/index.php\\\/evenements-passes\\\/\",\"url\":\"https:\\\/\\\/eve95ermont.com\\\/index.php\\\/evenements-passes\\\/\",\"name\":\"\u00c9v\u00e9nements pass\u00e9s - Ermont Ville d&#039;Europe\",\"isPartOf\":{\"@id\":\"https:\\\/\\\/eve95ermont.com\\\/#website\"},\"primaryImageOfPage\":{\"@id\":\"https:\\\/\\\/eve95ermont.com\\\/index.php\\\/evenements-passes\\\/#primaryimage\"},\"image\":{\"@id\":\"https:\\\/\\\/eve95ermont.com\\\/index.php\\\/evenements-passes\\\/#primaryimage\"},\"thumbnailUrl\":\"https:\\\/\\\/eve95ermont.com\\\/wp-content\\\/uploads\\\/2023\\\/06\\\/logo-eve-proposition-gris-clair-contour-noir-v2.png\",\"datePublished\":\"2023-07-23T17:01:53+00:00\",\"dateModified\":\"2023-07-27T17:52:47+00:00\",\"breadcrumb\":{\"@id\":\"https:\\\/\\\/eve95ermont.com\\\/index.php\\\/evenements-passes\\\/#breadcrumb\"},\"inLanguage\":\"fr-FR\",\"potentialAction\":[{\"@type\":\"ReadAction\",\"target\":[\"https:\\\/\\\/eve95ermont.com\\\/index.php\\\/evenements-passes\\\/\"]}]},{\"@type\":\"ImageObject\",\"inLanguage\":\"fr-FR\",\"@id\":\"https:\\\/\\\/eve95ermont.com\\\/index.php\\\/evenements-passes\\\/#primaryimage\",\"url\":\"https:\\\/\\\/eve95ermont.com\\\/wp-content\\\/uploads\\\/2023\\\/06\\\/logo-eve-proposition-gris-clair-contour-noir-v2.png\",\"contentUrl\":\"https:\\\/\\\/eve95ermont.com\\\/wp-content\\\/uploads\\\/2023\\\/06\\\/logo-eve-proposition-gris-clair-contour-noir-v2.png\",\"width\":1265,\"height\":785,\"caption\":\"Logo officiel de Ermont Ville d'Europe\"},{\"@type\":\"BreadcrumbList\",\"@id\":\"https:\\\/\\\/eve95ermont.com\\\/index.php\\\/evenements-passes\\\/#breadcrumb\",\"itemListElement\":[{\"@type\":\"ListItem\",\"position\":1,\"name\":\"Accueil\",\"item\":\"https:\\\/\\\/eve95ermont.com\\\/\"},{\"@type\":\"ListItem\",\"position\":2,\"name\":\"\u00c9v\u00e9nements pass\u00e9s\"}]},{\"@type\":\"WebSite\",\"@id\":\"https:\\\/\\\/eve95ermont.com\\\/#website\",\"url\":\"https:\\\/\\\/eve95ermont.com\\\/\",\"name\":\"Ermont Ville d&#039;Europe\",\"description\":\"L&#039;association de jumelage d&#039;Ermont\",\"publisher\":{\"@id\":\"https:\\\/\\\/eve95ermont.com\\\/#organization\"},\"potentialAction\":[{\"@type\":\"SearchAction\",\"target\":{\"@type\":\"EntryPoint\",\"urlTemplate\":\"https:\\\/\\\/eve95ermont.com\\\/?s={search_term_string}\"},\"query-input\":{\"@type\":\"PropertyValueSpecification\",\"valueRequired\":true,\"valueName\":\"search_term_string\"}}],\"inLanguage\":\"fr-FR\"},{\"@type\":\"Organization\",\"@id\":\"https:\\\/\\\/eve95ermont.com\\\/#organization\",\"name\":\"Ermont Ville d&#039;Europe\",\"url\":\"https:\\\/\\\/eve95ermont.com\\\/\",\"logo\":{\"@type\":\"ImageObject\",\"inLanguage\":\"fr-FR\",\"@id\":\"https:\\\/\\\/eve95ermont.com\\\/#\\\/schema\\\/logo\\\/image\\\/\",\"url\":\"https:\\\/\\\/eve95ermont.com\\\/wp-content\\\/uploads\\\/2023\\\/06\\\/cropped-logo-eve-proposition-gris-clair-contour-noir-v2.png\",\"contentUrl\":\"https:\\\/\\\/eve95ermont.com\\\/wp-content\\\/uploads\\\/2023\\\/06\\\/cropped-logo-eve-proposition-gris-clair-contour-noir-v2.png\",\"width\":1157,\"height\":709,\"caption\":\"Ermont Ville d&#039;Europe\"},\"image\":{\"@id\":\"https:\\\/\\\/eve95ermont.com\\\/#\\\/schema\\\/logo\\\/image\\\/\"}}]}<\/script>\n<!-- \/ Yoast SEO plugin. -->","yoast_head_json":{"title":"\u00c9v\u00e9nements pass\u00e9s - Ermont Ville d&#039;Europe","robots":{"index":"index","follow":"follow","max-snippet":"max-snippet:-1","max-image-preview":"max-image-preview:large","max-video-preview":"max-video-preview:-1"},"canonical":"https:\/\/eve95ermont.com\/index.php\/evenements-passes\/","og_locale":"fr_FR","og_type":"article","og_title":"\u00c9v\u00e9nements pass\u00e9s - Ermont Ville d&#039;Europe","og_description":"\u00c9v\u00e9nements pass\u00e9s Notre association, Ermont Ville d&rsquo;Europe, a \u00e0 c\u0153ur d&rsquo;organiser des \u00e9v\u00e9nements culturels pour nos membres et les Ermontois. Vous trouverez ci-dessous la liste des \u00e9v\u00e9nements ayant d\u00e9j\u00e0 eu lieu, organis\u00e9s par Ermont Ville d&rsquo;Europe","og_url":"https:\/\/eve95ermont.com\/index.php\/evenements-passes\/","og_site_name":"Ermont Ville d&#039;Europe","article_modified_time":"2023-07-27T17:52:47+00:00","og_image":[{"width":1265,"height":785,"url":"https:\/\/eve95ermont.com\/wp-content\/uploads\/2023\/06\/logo-eve-proposition-gris-clair-contour-noir-v2.png","type":"image\/png"}],"twitter_card":"summary_large_image","twitter_misc":{"Dur\u00e9e de lecture estim\u00e9e":"1 minute"},"schema":{"@context":"https:\/\/schema.org","@graph":[{"@type":"WebPage","@id":"https:\/\/eve95ermont.com\/index.php\/evenements-passes\/","url":"https:\/\/eve95ermont.com\/index.php\/evenements-passes\/","name":"\u00c9v\u00e9nements pass\u00e9s - Ermont Ville d&#039;Europe","isPartOf":{"@id":"https:\/\/eve95ermont.com\/#website"},"primaryImageOfPage":{"@id":"https:\/\/eve95ermont.com\/index.php\/evenements-passes\/#primaryimage"},"image":{"@id":"https:\/\/eve95ermont.com\/index.php\/evenements-passes\/#primaryimage"},"thumbnailUrl":"https:\/\/eve95ermont.com\/wp-content\/uploads\/2023\/06\/logo-eve-proposition-gris-clair-contour-noir-v2.png","datePublished":"2023-07-23T17:01:53+00:00","dateModified":"2023-07-27T17:52:47+00:00","breadcrumb":{"@id":"https:\/\/eve95ermont.com\/index.php\/evenements-passes\/#breadcrumb"},"inLanguage":"fr-FR","potentialAction":[{"@type":"ReadAction","target":["https:\/\/eve95ermont.com\/index.php\/evenements-passes\/"]}]},{"@type":"ImageObject","inLanguage":"fr-FR","@id":"https:\/\/eve95ermont.com\/index.php\/evenements-passes\/#primaryimage","url":"https:\/\/eve95ermont.com\/wp-content\/uploads\/2023\/06\/logo-eve-proposition-gris-clair-contour-noir-v2.png","contentUrl":"https:\/\/eve95ermont.com\/wp-content\/uploads\/2023\/06\/logo-eve-proposition-gris-clair-contour-noir-v2.png","width":1265,"height":785,"caption":"Logo officiel de Ermont Ville d'Europe"},{"@type":"BreadcrumbList","@id":"https:\/\/eve95ermont.com\/index.php\/evenements-passes\/#breadcrumb","itemListElement":[{"@type":"ListItem","position":1,"name":"Accueil","item":"https:\/\/eve95ermont.com\/"},{"@type":"ListItem","position":2,"name":"\u00c9v\u00e9nements pass\u00e9s"}]},{"@type":"WebSite","@id":"https:\/\/eve95ermont.com\/#website","url":"https:\/\/eve95ermont.com\/","name":"Ermont Ville d&#039;Europe","description":"L&#039;association de jumelage d&#039;Ermont","publisher":{"@id":"https:\/\/eve95ermont.com\/#organization"},"potentialAction":[{"@type":"SearchAction","target":{"@type":"EntryPoint","urlTemplate":"https:\/\/eve95ermont.com\/?s={search_term_string}"},"query-input":{"@type":"PropertyValueSpecification","valueRequired":true,"valueName":"search_term_string"}}],"inLanguage":"fr-FR"},{"@type":"Organization","@id":"https:\/\/eve95ermont.com\/#organization","name":"Ermont Ville d&#039;Europe","url":"https:\/\/eve95ermont.com\/","logo":{"@type":"ImageObject","inLanguage":"fr-FR","@id":"https:\/\/eve95ermont.com\/#\/schema\/logo\/image\/","url":"https:\/\/eve95ermont.com\/wp-content\/uploads\/2023\/06\/cropped-logo-eve-proposition-gris-clair-contour-noir-v2.png","contentUrl":"https:\/\/eve95ermont.com\/wp-content\/uploads\/2023\/06\/cropped-logo-eve-proposition-gris-clair-contour-noir-v2.png","width":1157,"height":709,"caption":"Ermont Ville d&#039;Europe"},"image":{"@id":"https:\/\/eve95ermont.com\/#\/schema\/logo\/image\/"}}]}},"_links":{"self":[{"href":"https:\/\/eve95ermont.com\/index.php\/wp-json\/wp\/v2\/pages\/539","targetHints":{"allow":["GET"]}}],"collection":[{"href":"https:\/\/eve95ermont.com\/index.php\/wp-json\/wp\/v2\/pages"}],"about":[{"href":"https:\/\/eve95ermont.com\/index.php\/wp-json\/wp\/v2\/types\/page"}],"author":[{"embeddable":true,"href":"https:\/\/eve95ermont.com\/index.php\/wp-json\/wp\/v2\/users\/2"}],"replies":[{"embeddable":true,"href":"https:\/\/eve95ermont.com\/index.php\/wp-json\/wp\/v2\/comments?post=539"}],"version-history":[{"count":5,"href":"https:\/\/eve95ermont.com\/index.php\/wp-json\/wp\/v2\/pages\/539\/revisions"}],"predecessor-version":[{"id":613,"href":"https:\/\/eve95ermont.com\/index.php\/wp-json\/wp\/v2\/pages\/539\/revisions\/613"}],"wp:featuredmedia":[{"embeddable":true,"href":"https:\/\/eve95ermont.com\/index.php\/wp-json\/wp\/v2\/media\/460"}],"wp:attachment":[{"href":"https:\/\/eve95ermont.com\/index.php\/wp-json\/wp\/v2\/media?parent=539"}],"wp:term":[{"taxonomy":"category","embeddable":true,"href":"https:\/\/eve95ermont.com\/index.php\/wp-json\/wp\/v2\/categories?post=539"},{"taxonomy":"post_tag","embeddable":true,"href":"https:\/\/eve95ermont.com\/index.php\/wp-json\/wp\/v2\/tags?post=539"}],"curies":[{"name":"wp","href":"https:\/\/api.w.org\/{rel}","templated":true}]}}